{"id":28,"date":"2024-04-06T13:45:01","date_gmt":"2024-04-06T12:45:01","guid":{"rendered":"https:\/\/compati.no\/?page_id=28"},"modified":"2024-10-02T18:20:04","modified_gmt":"2024-10-02T17:20:04","slug":"oppdragsvilkar","status":"publish","type":"page","link":"https:\/\/compati.no\/?page_id=28","title":{"rendered":"Oppdragsvilk\u00e5r"},"content":{"rendered":"\n<div class=\"wp-block-group alignfull has-global-padding is-layout-constrained wp-container-core-group-is-layout-490fa1db wp-block-group-is-layout-constrained\" style=\"padding-top:var(--wp--preset--spacing--50);padding-right:var(--wp--preset--spacing--50);padding-bottom:var(--wp--preset--spacing--50);padding-left:var(--wp--preset--spacing--50)\">\n<h1 class=\"wp-block-heading has-text-align-center has-x-large-font-size\">Fakturering<\/h1>\n\n\n\n<div class=\"wp-block-group has-global-padding is-layout-constrained wp-container-core-group-is-layout-650790e1 wp-block-group-is-layout-constrained\">\n<div style=\"height:1.25rem\" aria-hidden=\"true\" class=\"wp-block-spacer\"><\/div>\n\n\n\n<p class=\"has-text-align-center\">Copmati fakturer sine klienter l\u00f8pende med 2 ukers intervaller, avsluttede oppdrag faktureres umiddelbart etter ferdigstillelse. <\/p>\n\n\n\n<p class=\"has-text-align-center\">Betalingsfristen er 10 dager fra fakturadato, med mindre annet er avtalt.<\/p>\n\n\n\n<p class=\"has-text-align-center\">Dersom fristen for pliktig betaling ikke overholdes, forbeholder Compati seg retten til \u00e5<br>a) kreve forsinkelsesrente i henhold til forsinkelsesrenteloven av 17. desember 1976 nr. 100, med tillegg av eventuelle inkasso- og inndrivelseskostnader,<br>b) avbryte all oppdragsutf\u00f8relse, b\u00e5de i det aktuelle oppdrag og i andre oppdrag, og\/eller<br>c) ut\u00f8ve tilbakeholdsrett i mottatte saksdokumenter, filer mv.<\/p>\n\n\n\n<div style=\"height:1.25rem\" aria-hidden=\"true\" class=\"wp-block-spacer\"><\/div>\n<\/div>\n\n\n\n<h1 class=\"wp-block-heading has-text-align-center has-x-large-font-size\">Oppdraget<\/h1>\n\n\n\n<div class=\"wp-block-group has-global-padding is-layout-constrained wp-container-core-group-is-layout-650790e1 wp-block-group-is-layout-constrained\">\n<div style=\"height:1.25rem\" aria-hidden=\"true\" class=\"wp-block-spacer\"><\/div>\n\n\n\n<p class=\"has-text-align-center\">Oppdraget er beskrevet \/ skissert i oppdragsbekreftelsen for det enkelte oppdrag, oppdragsbekreftelsen gis muntlig eller skriftlig. Oppdraget kan bli endret eller utvidet underveis. <\/p>\n\n\n\n<div style=\"height:1.25rem\" aria-hidden=\"true\" class=\"wp-block-spacer\"><\/div>\n<\/div>\n\n\n\n<h1 class=\"wp-block-heading has-text-align-center has-x-large-font-size\">Ansvarlig for utf\u00f8rselen av oppdraget<\/h1>\n\n\n\n<div class=\"wp-block-group has-global-padding is-layout-constrained wp-container-core-group-is-layout-650790e1 wp-block-group-is-layout-constrained\">\n<p class=\"has-text-align-center\">En advokat vil ha det overordnede ansvar for hver enkelt sak (oppdragsansvar). Andre advokater, advokatfullmektiger, r\u00e5dgivere, analytikere og annet personale kan bli benyttet i arbeidet hvor det er hensiktsmessig.<\/p>\n\n\n\n<div style=\"height:1.25rem\" aria-hidden=\"true\" class=\"wp-block-spacer\"><\/div>\n<\/div>\n\n\n\n<h1 class=\"wp-block-heading has-text-align-center has-x-large-font-size\">Sal\u00e6r <\/h1>\n\n\n\n<div class=\"wp-block-group has-global-padding is-layout-constrained wp-container-core-group-is-layout-650790e1 wp-block-group-is-layout-constrained\">\n<p class=\"has-text-align-center\">Compati tilbyr flere forskjellige sal\u00e6rmodeller, b\u00e5de l\u00f8pende fakturering basert p\u00e5 medg\u00e5tt tid samt fastpris modeller avtalt med klienten. Uavhengig av hvilken modell som veldes s\u00e5 f\u00f8lger Compati  Regler for god advokatskikk ved beregning av sal\u00e6r. <\/p>\n\n\n\n<p class=\"has-text-align-center\">Sal\u00e6r blir beregnet ut i fra ressursinnsatsen som har medg\u00e5tt justert kompleksitet og rettsomr\u00e5de.<\/p>\n\n\n\n<p class=\"has-text-align-center\"> Timer registreres fortl\u00f8pende. <\/p>\n\n\n\n<p class=\"has-text-align-center\"> Timeprisene er gjenstand for \u00e5rlig regulering og oppjusterte timepriser vil automatisk komme til anvendelse med mindre annet er avtalt.<\/p>\n\n\n\n<p class=\"has-text-align-center\">I tillegg kommer merverdiavgift og eventuelle andre offentlige avgifter i samsvar med de til enhver tid gjeldende regler.<\/p>\n\n\n\n<p class=\"has-text-align-center\">Compati sitt sal\u00e6r skal betales uavhengig av saksutfallet.<\/p>\n\n\n\n<p><\/p>\n\n\n\n<p class=\"has-text-align-center\">Er det gitt et estimat for totalt sal\u00e6r for hele oppdraget, er dette kun veiledende for budsjettering, og m\u00e5 ikke oppfattes som en fast pris s\u00e5 fremt dette ikke eksplisitt avtalt. <\/p>\n\n\n\n<div style=\"height:1.25rem\" aria-hidden=\"true\" class=\"wp-block-spacer\"><\/div>\n<\/div>\n\n\n\n<h1 class=\"wp-block-heading has-text-align-center has-x-large-font-size\">Utlegg og andre utgifter <\/h1>\n\n\n\n<div class=\"wp-block-group has-global-padding is-layout-constrained wp-container-core-group-is-layout-650790e1 wp-block-group-is-layout-constrained\">\n<p>I tillegg til sal\u00e6r skal kunden betale for utlegg som Compati har i forbindelse med oppdraget, slik som reiseutgifter, rettsgebyr osv. Det samme gjelder forbruksmateriell og hjelpemidler slik som kopiering, kontormateriell, bruk av databaser, n\u00f8dvendig overtid hos kontorpersonell mv.<\/p>\n\n\n\n<p>Compati beregner ikke p\u00e5slag ved fakturering av kostnader og utlegg, med unntak av merverdiavgift eller andre offentlige avgifter hvor det er p\u00e5krevd.<\/p>\n\n\n\n<p>Hvis Compati engasjerer konsulenter, eksperter, utenlandske advokater eller andre tredjeparter p\u00e5 kundens vegne, gj\u00f8r vi det som kundens representant og kunden er selv ansvarlig for tredjepartens honorar, \u00f8vrige kostnader og eventuelle avgifter.<\/p>\n\n\n\n<div style=\"height:1.25rem\" aria-hidden=\"true\" class=\"wp-block-spacer\"><\/div>\n<\/div>\n\n\n\n<h1 class=\"wp-block-heading has-text-align-center has-x-large-font-size\">Rettstvister og kostnader relatet til disse<\/h1>\n\n\n\n<div class=\"wp-block-group has-global-padding is-layout-constrained wp-container-core-group-is-layout-650790e1 wp-block-group-is-layout-constrained\">\n<p class=\"has-text-align-center\">Dette punkt gjelder bare for saker hvor det eksisterer en rettstvist, eller hvor det potensielt kan oppst\u00e5 en rettstvist.<\/p>\n\n\n\n<p class=\"has-text-align-center\">Kunden gj\u00f8res oppmerksom p\u00e5 at kunden er ansvarlig for \u00e5 betale Compati sitt sal\u00e6r uavkortet, uavhengig av det saksomkostningskrav som fremmes mot motparten. Hvis saken tapes er det sannsynlighet for at kunden vil bli p\u00e5lagt \u00e5 betale motpartens saksomkostninger i tillegg til egne saksomkostninger, og selv om saken vinnes er det ikke sikkert at motparten p\u00e5legges, eller er i stand til \u00e5 betale saksomkostninger, og for begge tilfeller vil kunden v\u00e6re ansvarlig for \u00e5 betale Compati sitt sal\u00e6r fullt ut.<\/p>\n\n\n\n<div style=\"height:1.25rem\" aria-hidden=\"true\" class=\"wp-block-spacer\"><\/div>\n<\/div>\n\n\n\n<h1 class=\"wp-block-heading has-text-align-center has-x-large-font-size\">Forskudd<\/h1>\n\n\n\n<div class=\"wp-block-group has-global-padding is-layout-constrained wp-container-core-group-is-layout-650790e1 wp-block-group-is-layout-constrained\">\n<p class=\"has-text-align-center\">Compati forbeholder seg retten til \u00e5 be om forskudd p\u00e5 sal\u00e6r og andre kostander som nevnt ovenfor. Et forskudd er ikke \u00e5 anse som et estimat p\u00e5 fullf\u00f8rt oppdrag. <\/p>\n\n\n\n<div style=\"height:1.25rem\" aria-hidden=\"true\" class=\"wp-block-spacer\"><\/div>\n<\/div>\n\n\n\n<h1 class=\"wp-block-heading has-text-align-center has-x-large-font-size\">Klientkonti<\/h1>\n\n\n\n<div class=\"wp-block-group has-global-padding is-layout-constrained wp-container-core-group-is-layout-650790e1 wp-block-group-is-layout-constrained\">\n<p class=\"has-text-align-center\">Compati har ikke kredittrisiko for innest\u00e5ende midler p\u00e5 klientkonto. <\/p>\n\n\n\n<p class=\"has-text-align-center\">Det gj\u00f8res oppmerksom p\u00e5 at Compati etter skatteforvaltningsloven av 27. mai 2016 nr. 14 \u00a7 10-2 (2) har plikt til \u00e5 gi skatte- og avgiftsmyndighetene opplysninger om kunders pengeoverf\u00f8ringer, innskudd og gjeld, herunder hvem som er parter i overf\u00f8ringene knyttet til klientkonti.<\/p>\n\n\n\n<div style=\"height:1.25rem\" aria-hidden=\"true\" class=\"wp-block-spacer\"><\/div>\n<\/div>\n\n\n\n<h1 class=\"wp-block-heading has-text-align-center has-x-large-font-size\">Rettshjelpsordninger<\/h1>\n\n\n\n<div class=\"wp-block-group has-global-padding is-layout-constrained wp-container-core-group-is-layout-650790e1 wp-block-group-is-layout-constrained\">\n<p>Compati ber om at det opplyses dersom kunden har rettshjelpsforsikring. Compati er ogs\u00e5 behjelpelig med \u00e5 unders\u00f8ke \/ s\u00f8ke om for kunden der man anser at det kan foreligge krav p\u00e5 slik st\u00f8tte. <\/p>\n\n\n\n<div style=\"height:1.25rem\" aria-hidden=\"true\" class=\"wp-block-spacer\"><\/div>\n<\/div>\n\n\n\n<h1 class=\"wp-block-heading has-text-align-center has-x-large-font-size\">Tredjepart<\/h1>\n\n\n\n<div class=\"wp-block-group has-global-padding is-layout-constrained wp-container-core-group-is-layout-650790e1 wp-block-group-is-layout-constrained\">\n<p>Compati har bare plikter overfor den kunde som er navngitt i oppdragsbekreftelsen eller p\u00e5 annen m\u00e5te, og fraskriver seg ethvert ansvar overfor enhver tredjepart. Om vi p\u00e5 kundens anmodning avtaler at tredjepart kan basere seg p\u00e5 et dokument som er innhentet fra oss eller r\u00e5dgivning som vi har gitt, skal dette ikke \u00f8ke eller p\u00e5virke v\u00e5rt ansvar. Under enhver omstendighet oppst\u00e5r det ikke noe kunde- eller klientforhold mellom Compati og slik tredjepart.<\/p>\n\n\n\n<div style=\"height:1.25rem\" aria-hidden=\"true\" class=\"wp-block-spacer\"><\/div>\n<\/div>\n\n\n\n<h1 class=\"wp-block-heading has-text-align-center has-x-large-font-size\">Interessekonflikter<\/h1>\n\n\n\n<div class=\"wp-block-group has-global-padding is-layout-constrained wp-container-core-group-is-layout-650790e1 wp-block-group-is-layout-constrained\">\n<p>Innenfor rammen av gjeldende lovgivning og advokatetiske regler &#8211; og retningslinjer for Compati sin taushetsplikt for mottatte dokumenter og opplysninger &#8211; gjelder f\u00f8lgende:<\/p>\n\n\n\n<ul class=\"wp-block-list\">\n<li>I samme sak opptrer Compati p\u00e5 samme tid kun for \u00e9n klient (eller for en gruppe av klienter som har felles interesser). Dette gjelder likevel ikke i saker hvor Compati eksplisitt har tatt forbehold om \u00e5 arbeide p\u00e5 ikke-eksklusiv basis for vedkommende klient.<\/li>\n\n\n\n<li>Oppdrag for en klient i en sak, forhindrer ikke at Compati tar oppdrag mot samme klient i en annen sak for en annen klient, med mindre dette ville v\u00e6re upassende.<\/li>\n\n\n\n<li>Dersom oppdragsgiver forutsetter at vi med hensyn til reglene om interessekonflikt skal anse flere eller alle selskap i et konsern som klient, m\u00e5 dette og omfanget av relevante konsernselskaper avtales s\u00e6rskilt med Compati f\u00f8r Compati p\u00e5tar seg oppdraget.<\/li>\n<\/ul>\n\n\n\n<div style=\"height:1.25rem\" aria-hidden=\"true\" class=\"wp-block-spacer\"><\/div>\n<\/div>\n\n\n\n<h1 class=\"wp-block-heading has-text-align-center has-x-large-font-size\">Kommunikasjon av elektronisk art<\/h1>\n\n\n\n<div class=\"wp-block-group has-global-padding is-layout-constrained wp-container-core-group-is-layout-650790e1 wp-block-group-is-layout-constrained\">\n<p class=\"has-text-align-center\">Compati forbeholder seg retten til \u00e5 benytte ukryptert elektronisk kommunikasjon (e-post, SMS, m.m.) i kontakt med kunder, motparter og andre involverte parter i et oppdrag, med mindre kunden uttrykkelig ber om at kommunikasjonen ikke skal foreg\u00e5 elektronisk, eller at elektronisk kommunikasjon skal krypteres. Vi fraskriver oss ethvert ansvar for \u00f8konomisk tap, tap av data o.l. ved bruk av ukryptert elektronisk kommunikasjon, ved brudd i elektroniske kommunikasjonsmidler, virus o.l. Vi fraskriver oss videre ethvert ansvar for feilsending.<\/p>\n\n\n\n<div style=\"height:1.25rem\" aria-hidden=\"true\" class=\"wp-block-spacer\"><\/div>\n<\/div>\n\n\n\n<h1 class=\"wp-block-heading has-text-align-center has-x-large-font-size\">Arkivering og dokumentasjon <\/h1>\n\n\n\n<div class=\"wp-block-group has-global-padding is-layout-constrained wp-container-core-group-is-layout-650790e1 wp-block-group-is-layout-constrained\">\n<p class=\"has-text-align-center\">Arkiv og dokumentasjon kan bli oppbevart elektronisk eller ved bruk av billedbehandlingssystemer. Compati p\u00e5tar seg ikke ansvar for lagring, og det forutsettes at kunden har originaler og\/eller kopier av all dokumentasjon som er mottatt av Compati .<\/p>\n\n\n\n<p class=\"has-text-align-center\">Dokumentasjon vi mottar i anledning oppdrag blir lagret s\u00e5 lenge Compati mener det er form\u00e5lstjenlig (normalt 10 \u00e5r). Deretter vil dokumentasjonen bli makulert\/slettet uten at kunden forh\u00e5ndsvarsles eller underrettes om dette.<\/p>\n\n\n\n<div style=\"height:1.25rem\" aria-hidden=\"true\" class=\"wp-block-spacer\"><\/div>\n<\/div>\n\n\n\n<h1 class=\"wp-block-heading has-text-align-center has-x-large-font-size\">Avslutting <\/h1>\n\n\n\n<div class=\"wp-block-group has-global-padding is-layout-constrained wp-container-core-group-is-layout-650790e1 wp-block-group-is-layout-constrained\">\n<p class=\"has-text-align-center\">Kunden st\u00e5r p\u00e5 ethvert tidspunkt fritt til \u00e5 avslutte oppdrag, dersom ikke annet uttrykkelig er avtalt eller underforst\u00e5tt i den enkelte sak. Compati har rett til \u00e5 avslutte et oppdrag i henhold til bestemmelsene i &laquo;Regler for God Advokatskikk&raquo; punkt 3.1.6. Compati skal varsle i rimelig tid f\u00f8r oppdraget avsluttes. Kunden er forpliktet til \u00e5 betale Compati sal\u00e6r, kostnader og utlegg samt merverdiavgift som er p\u00e5l\u00f8pt frem til og med oppdragets avslutning og eventuelt arbeid som er n\u00f8dvendig deretter, uavhengig av hvem som avslutter oppdraget. Avsluttes et oppdrag og det er avtalt fast sal\u00e6r for oppdraget, forbeholder Compati seg retten til \u00e5 fakturere det antall timer som er brukt p\u00e5 oppdraget.<\/p>\n\n\n\n<div style=\"height:1.25rem\" aria-hidden=\"true\" class=\"wp-block-spacer\"><\/div>\n<\/div>\n\n\n\n<h1 class=\"wp-block-heading has-text-align-center has-x-large-font-size\">Ansvarsforsikring og ansvarsbegrensning<\/h1>\n\n\n\n<div class=\"wp-block-group has-global-padding is-layout-constrained wp-container-core-group-is-layout-650790e1 wp-block-group-is-layout-constrained\">\n<p class=\"has-text-align-center\">For advokatvirksomhet gjelder krav om sikkerhetsstillelse og ansvarsforsikring til dekning av erstatningsansvar som p\u00e5dras under ut\u00f8velse av advokatvirksomhet. Compati sin ansvarsforsikring er vesentlig utvidet i forhold til de minimumskrav som gjelder for advokater.<\/p>\n\n\n\n<p class=\"has-text-align-center\">Compati skal alltid skal utpeke en bestemt advokater som ansvarlig for det enkelte oppdrag under advokatvirksomheten eller forskjellige bestemte advokater som ansvarlige for bestemte deler av oppdraget etter domstolloven av 13. august 1915 nr. 5 \u00a7 232 f\u00f8rste til fjerde ledd. Klienten skal meddeles hvilke(n) advokat(er) som er utpekt.<\/p>\n\n\n\n<p class=\"has-text-align-center\">Compatis mulige erstatningsansvar, herunder ansvar for den oppdragsansvarlige advokat og eventuelt andre medarbeidere, er begrenset oppad til 20 ganger sal\u00e6rets st\u00f8rrelse, dog oppad begrenset til NOK 5 millioner. Compati , oppdragsansvarlig advokat og eventuelt andre medarbeidere har ikke under noen omstendighet erstatningsansvar for noen form for indirekte tap eller konsekvenstap, herunder driftstap, tap av fortjeneste, tap av goodwill mv.<\/p>\n\n\n\n<div style=\"height:1.25rem\" aria-hidden=\"true\" class=\"wp-block-spacer\"><\/div>\n<\/div>\n\n\n\n<h1 class=\"wp-block-heading has-text-align-center has-x-large-font-size\">Adgang til \u00e5 klage<\/h1>\n\n\n\n<div class=\"wp-block-group has-global-padding is-layout-constrained wp-container-core-group-is-layout-650790e1 wp-block-group-is-layout-constrained\">\n<p class=\"has-text-align-center\">Compati er underlagt &laquo;Regler for God Advokatskikk&raquo;. V\u00e5re kunder har gjennom klage til Disiplin\u00e6rmyndighetene anledning til \u00e5 f\u00e5 vurdert om Compati sitt arbeid og sal\u00e6rberegning er utf\u00f8rt i overensstemmelse med god advokatskikk. Mer informasjon om dette finnes p\u00e5 Advokatforeningens hjemmeside\u00a0under &laquo;Advokatetikk&raquo;.<\/p>\n\n\n\n<p class=\"has-text-align-center\"><a href=\"https:\/\/www.advokatforeningen.no\">https:\/\/www.advokatforeningen.no<\/a><\/p>\n\n\n\n<div style=\"height:1.25rem\" aria-hidden=\"true\" class=\"wp-block-spacer\"><\/div>\n<\/div>\n\n\n\n<h1 class=\"wp-block-heading has-text-align-center has-x-large-font-size\">Aksept og eventuelle endringer<\/h1>\n\n\n\n<div class=\"wp-block-group has-global-padding is-layout-constrained wp-container-core-group-is-layout-650790e1 wp-block-group-is-layout-constrained\">\n<p class=\"has-text-align-center\">Vilk\u00e5rene anses vedtatt av kunden med mindre kunden straks har tilkjennegitt overfor ansvarlig advokat at vilk\u00e5rene ikke aksepteres. Compati forbeholder seg i et slikt tilfelle retten til \u00e5 frasi seg oppdraget.<\/p>\n\n\n\n<p class=\"has-text-align-center\">Compati forbeholder seg retten til \u00e5 endre eller supplere disse generelle oppdragsvilk\u00e5r, enten p\u00e5 generelt grunnlag eller i relasjon til et enkelt oppdrag. Den til enhver tid gjeldende versjon vil v\u00e6re tilgjengelig p\u00e5 Compati hjemmeside.<\/p>\n\n\n\n<div style=\"height:1.25rem\" aria-hidden=\"true\" class=\"wp-block-spacer\"><\/div>\n<\/div>\n\n\n\n<h1 class=\"wp-block-heading has-text-align-center has-x-large-font-size\">Verneting &amp; lovvalg<\/h1>\n\n\n\n<div class=\"wp-block-group has-global-padding is-layout-constrained wp-container-core-group-is-layout-650790e1 wp-block-group-is-layout-constrained\">\n<p>Ethvert avtaleforhold mellom Compati og dets kunder (og eventuelle selskaper i samme konsern) vedr\u00f8rende de tjenester Compati leverer, og ethvert s\u00f8ksm\u00e5l eller krav som er relatert til Compati arbeid, reguleres i sin helhet av norsk rett.<\/p>\n\n\n\n<p>Oslo tingrett er verneting for enhver tvist som springer ut av avtaleforholdet mellom Compati og kunden.<\/p>\n\n\n\n<div style=\"height:1.25rem\" aria-hidden=\"true\" class=\"wp-block-spacer\"><\/div>\n<\/div>\n\n\n\n<div style=\"height:40px\" aria-hidden=\"true\" class=\"wp-block-spacer\"><\/div>\n<\/div>\n","protected":false},"excerpt":{"rendered":"<p>Fakturering Copmati fakturer sine klienter l\u00f8pende med 2 ukers intervaller, avsluttede oppdrag faktureres umiddelbart etter ferdigstillelse. Betalingsfristen er 10 dager fra fakturadato, med mindre annet er avtalt. Dersom fristen for pliktig betaling ikke overholdes, forbeholder Compati seg retten til \u00e5a) kreve forsinkelsesrente i henhold til forsinkelsesrenteloven av 17. desember 1976 nr. 100, med tillegg av [&hellip;]<\/p>\n","protected":false},"author":1,"featured_media":55,"parent":0,"menu_order":0,"comment_status":"closed","ping_status":"closed","template":"","meta":{"footnotes":""},"class_list":["post-28","page","type-page","status-publish","has-post-thumbnail","hentry"],"_links":{"self":[{"href":"https:\/\/compati.no\/index.php?rest_route=\/wp\/v2\/pages\/28","targetHints":{"allow":["GET"]}}],"collection":[{"href":"https:\/\/compati.no\/index.php?rest_route=\/wp\/v2\/pages"}],"about":[{"href":"https:\/\/compati.no\/index.php?rest_route=\/wp\/v2\/types\/page"}],"author":[{"embeddable":true,"href":"https:\/\/compati.no\/index.php?rest_route=\/wp\/v2\/users\/1"}],"replies":[{"embeddable":true,"href":"https:\/\/compati.no\/index.php?rest_route=%2Fwp%2Fv2%2Fcomments&post=28"}],"version-history":[{"count":2,"href":"https:\/\/compati.no\/index.php?rest_route=\/wp\/v2\/pages\/28\/revisions"}],"predecessor-version":[{"id":116,"href":"https:\/\/compati.no\/index.php?rest_route=\/wp\/v2\/pages\/28\/revisions\/116"}],"wp:featuredmedia":[{"embeddable":true,"href":"https:\/\/compati.no\/index.php?rest_route=\/wp\/v2\/media\/55"}],"wp:attachment":[{"href":"https:\/\/compati.no\/index.php?rest_route=%2Fwp%2Fv2%2Fmedia&parent=28"}],"curies":[{"name":"wp","href":"https:\/\/api.w.org\/{rel}","templated":true}]}}